{"id":3462,"date":"2018-07-18T12:08:32","date_gmt":"2018-07-18T12:08:32","guid":{"rendered":"https:\/\/www.pitztal-wildface.com\/?page_id=3462"},"modified":"2026-01-08T10:52:18","modified_gmt":"2026-01-08T10:52:18","slug":"organisation","status":"publish","type":"page","link":"https:\/\/www.pitztal-wildface.com\/?page_id=3462","title":{"rendered":"Veranstalter"},"content":{"rendered":"<div class=\"wpb-content-wrapper\"><p>[vc_row][vc_column]<div class=\"section-title headings  text-center\"><h1>Veranstalter<\/h1><\/div>[vc_separator border_width=&#8220;3&#8243;][\/vc_column][\/vc_row][vc_row][vc_column width=&#8220;1\/3&#8243;][\/vc_column][vc_column width=&#8220;1\/3&#8243;]<h5>Kontakt<\/h5>\n                        <address>Pitztal Wild Face GmbH<br>Tieflehn 58<br>A-6481 St.Leonhard, Tirol<\/address><p class=\"phone\"><a href=\"tel:+43 (0) 650 330 95 14\">+43 (0) 650 330 95 14<\/a><\/p><p class=\"email\"><a href=\"mailto:info@raphaeleiter.com\">info@raphaeleiter.com<\/a><\/p>[\/vc_column][\/vc_row][vc_row][vc_column][vc_empty_space height=&#8220;50px&#8220;]<h2 class=\"subtitle\">ORGANISATIONSKOMITEE:<\/h2>[vc_column_text css=&#8220;&#8220;]<\/p>\n<ul>\n<li>OK Chef: Raphael Eiter (staatlich gepr\u00fcfter Berg- und Skif\u00fchrer, Rennleitung, Organisation und Durchf\u00fchrung) \u2013\u00a0<a href=\"mailto:info@raphaeleiter.com\">info@raphaeleiter.com<\/a><\/li>\n<li>OK Team: Philipp Eiter (Zielgel\u00e4nde, Organisation und Durchf\u00fchrung) \u2013\u00a0<a href=\"mailto:philipp.eiter@pitztaltravel.at\" target=\"_blank\" rel=\"noopener noreferrer\">philipp.eiter@pitztaltravel.at<\/a><\/li>\n<li>Tourismusverband Pitztal \u2013 Medienbetreuung: Nina Tschenett &#8211;\u00a0<a href=\"mailto:nina-tschenett@pitztal.com\" target=\"_blank\" rel=\"noopener\">nina-tschenett@pitztal.com<\/a><\/li>\n<li>Pitztaler Gletscherbahn:\u00a0<a href=\"mailto:pitztal@tirolgletscher.com\" target=\"_blank\" rel=\"noopener noreferrer\">pitztal@tirolgletscher.com<\/a>, Tel: +43 (0) 5413 86 288<\/li>\n<\/ul>\n<p>[\/vc_column_text][\/vc_column][\/vc_row][vc_row][vc_column]<h2 class=\"subtitle\">ERWEITERTES ORGANISATIONSKOMITEE:<\/h2>[\/vc_column][\/vc_row][vc_row][vc_column][vc_column_text]<strong>Lawinenkommission Pitztal Wild Face:<\/strong><\/p>\n<ul>\n<li>Benedikt Walser (staatlich gepr\u00fcfter Berg- und Skif\u00fchrer, Streckenchef Pitztal Wild Face)<\/li>\n<li>Hermann Rauch (staatlich gepr\u00fcfter Skif\u00fchrer, Streckenchef Qualifikation)<\/li>\n<li>Alfred Eiter (staatlich gepr\u00fcfter Berg- und Skif\u00fchrer)<\/li>\n<li>Raphael Eiter (staatlich gepr\u00fcfter Berg- und Skif\u00fchrer, Rennleitung)<\/li>\n<\/ul>\n<div>\n<p><strong>F\u00fcr den Inhalt verantwortlich:<\/strong><br \/>\nOrganisationskomitee, Tourismusverband Pitztal<\/div>\n<p>[\/vc_column_text][\/vc_column][\/vc_row]<\/p>\n<\/div>","protected":false},"excerpt":{"rendered":"<p>[vc_row][vc_column][vc_separator border_width=&#8220;3&#8243;][\/vc_column][\/vc_row][vc_row][vc_column width=&#8220;1\/3&#8243;][\/vc_column][vc_column width=&#8220;1\/3&#8243;][\/vc_column][\/vc_row][vc_row][vc_column][vc_empty_space height=&#8220;50px&#8220;][vc_column_text css=&#8220;&#8220;] OK Chef: Raphael Eiter (staatlich gepr\u00fcfter Berg- und Skif\u00fchrer, Rennleitung, Organisation und Durchf\u00fchrung) \u2013\u00a0info@raphaeleiter.com OK Team: Philipp Eiter (Zielgel\u00e4nde, Organisation und Durchf\u00fchrung) \u2013\u00a0philipp.eiter@pitztaltravel.at Tourismusverband Pitztal \u2013 Medienbetreuung: Nina&hellip;<\/p>\n","protected":false},"author":1,"featured_media":0,"parent":0,"menu_order":0,"comment_status":"closed","ping_status":"closed","template":"","meta":{"footnotes":""},"class_list":["post-3462","page","type-page","status-publish","hentry"],"_links":{"self":[{"href":"https:\/\/www.pitztal-wildface.com\/index.php?rest_route=\/wp\/v2\/pages\/3462","targetHints":{"allow":["GET"]}}],"collection":[{"href":"https:\/\/www.pitztal-wildface.com\/index.php?rest_route=\/wp\/v2\/pages"}],"about":[{"href":"https:\/\/www.pitztal-wildface.com\/index.php?rest_route=\/wp\/v2\/types\/page"}],"author":[{"embeddable":true,"href":"https:\/\/www.pitztal-wildface.com\/index.php?rest_route=\/wp\/v2\/users\/1"}],"replies":[{"embeddable":true,"href":"https:\/\/www.pitztal-wildface.com\/index.php?rest_route=%2Fwp%2Fv2%2Fcomments&post=3462"}],"version-history":[{"count":15,"href":"https:\/\/www.pitztal-wildface.com\/index.php?rest_route=\/wp\/v2\/pages\/3462\/revisions"}],"predecessor-version":[{"id":4590,"href":"https:\/\/www.pitztal-wildface.com\/index.php?rest_route=\/wp\/v2\/pages\/3462\/revisions\/4590"}],"wp:attachment":[{"href":"https:\/\/www.pitztal-wildface.com\/index.php?rest_route=%2Fwp%2Fv2%2Fmedia&parent=3462"}],"curies":[{"name":"wp","href":"https:\/\/api.w.org\/{rel}","templated":true}]}}